{"id":19,"date":"2011-11-06T16:35:47","date_gmt":"2011-11-06T15:35:47","guid":{"rendered":"http:\/\/lafilledecorinthe.com\/wordpress\/?page_id=19"},"modified":"2025-12-07T09:59:09","modified_gmt":"2025-12-07T08:59:09","slug":"bienvenue","status":"publish","type":"page","link":"https:\/\/lafilledecorinthe.com\/wordpress\/","title":{"rendered":"Accueil"},"content":{"rendered":"\n<div class=\"wp-block-columns is-layout-flex wp-container-core-columns-is-layout-9d6595d7 wp-block-columns-is-layout-flex\">\n<div class=\"wp-block-column is-layout-flow wp-block-column-is-layout-flow\">\n<h2 class=\"wp-block-heading\"><a href=\"https:\/\/lafilledecorinthe.com\/wordpress\/categorie\/ateliers-enfants\/\" data-type=\"page\" data-id=\"9\">Ateliers<\/a><\/h2>\n\n\n\n<p>Mon dernier ci-dessous et bien plus encore \u00e0 la page <a href=\"https:\/\/lafilledecorinthe.com\/wordpress\/categorie\/ateliers-enfants\/\" data-type=\"page\" data-id=\"9\">Ateliers<\/a>.<\/p>\n\n\n\n<div class=\"wp-block-query is-layout-flow wp-block-query-is-layout-flow\"><ul class=\"wp-block-post-template is-layout-flow wp-block-post-template-is-layout-flow\"><li class=\"wp-block-post post-15734 post type-post status-publish format-standard has-post-thumbnail hentry category-ateliers-enfants tag-olivia tag-faire-son-cinema tag-irene-iborra tag-le-garde-chasse tag-little-kmbo tag-peter-szendy\">\n<h4 class=\"wp-block-post-title\"><a href=\"https:\/\/lafilledecorinthe.com\/wordpress\/2026\/02\/olivia-le-garde-chasse-des-lilas\/\" target=\"_self\" >\u00ab\u00a0Olivia\u00a0\u00bb au Garde-Chasse des Lilas<\/a><\/h4>\n\n<div class=\"wp-block-post-date has-small-font-size\"><time datetime=\"2026-02-27T18:57:13+01:00\">27 f\u00e9vrier 2026<\/time><\/div>\n\n<figure class=\"alignwide wp-block-post-featured-image\"><a href=\"https:\/\/lafilledecorinthe.com\/wordpress\/2026\/02\/olivia-le-garde-chasse-des-lilas\/\" target=\"_self\"  ><img loading=\"lazy\" decoding=\"async\" width=\"2560\" height=\"1707\" src=\"https:\/\/lafilledecorinthe.com\/wordpress\/wp-content\/uploads\/2026\/02\/EPonsaud_01-scaled.jpg\" class=\"attachment-post-thumbnail size-post-thumbnail wp-post-image\" alt=\"\u00ab\u00a0Olivia\u00a0\u00bb au Garde-Chasse des Lilas\" style=\"object-fit:cover;\" srcset=\"https:\/\/lafilledecorinthe.com\/wordpress\/wp-content\/uploads\/2026\/02\/EPonsaud_01-scaled.jpg 2560w, https:\/\/lafilledecorinthe.com\/wordpress\/wp-content\/uploads\/2026\/02\/EPonsaud_01-680x453.jpg 680w, https:\/\/lafilledecorinthe.com\/wordpress\/wp-content\/uploads\/2026\/02\/EPonsaud_01-1280x853.jpg 1280w, https:\/\/lafilledecorinthe.com\/wordpress\/wp-content\/uploads\/2026\/02\/EPonsaud_01-768x512.jpg 768w, https:\/\/lafilledecorinthe.com\/wordpress\/wp-content\/uploads\/2026\/02\/EPonsaud_01-1536x1024.jpg 1536w, https:\/\/lafilledecorinthe.com\/wordpress\/wp-content\/uploads\/2026\/02\/EPonsaud_01-2048x1365.jpg 2048w\" sizes=\"auto, (max-width: 2560px) 100vw, 2560px\" \/><\/a><\/figure>\n\n<div class=\"wp-block-post-excerpt\"><p class=\"wp-block-post-excerpt__excerpt\">\u00ab\u00a0On a l&rsquo;impression, en \u00e9coutant sa chanson (Le Cin\u00e9ma, Claude Nougaro, 1962), que l&rsquo;expression se faire du cin\u00e9ma n&rsquo;est pas juste une fa\u00e7on de parler, une mani\u00e8re de dire qu&rsquo;on s&rsquo;imagine des choses. Quand il \u00e9voque, par exemple, \u00ab\u00a0l&rsquo;\u00e9cran noir\u00a0\u00bb de ses \u00ab\u00a0nuits blanches\u00a0\u00bb, on peut se dire que nous aussi, en dormant ou en&#8230; <\/p><\/div>\n\n\n<hr class=\"wp-block-separator has-css-opacity\"\/>\n\n<\/li><\/ul><\/div>\n\n\n\n<p><\/p>\n<\/div>\n\n\n\n<div class=\"wp-block-column is-layout-flow wp-block-column-is-layout-flow\">\n<h2 class=\"wp-block-heading\"><a href=\"https:\/\/lafilledecorinthe.com\/wordpress\/categorie\/formations-adultes\/\" data-type=\"page\" data-id=\"78\">Formations<\/a><\/h2>\n\n\n\n<p>Ma derni\u00e8re ci-dessous et bien plus encore \u00e0 la page <a href=\"https:\/\/lafilledecorinthe.com\/wordpress\/categorie\/formations-adultes\/\" data-type=\"page\" data-id=\"78\">Formations<\/a>.<\/p>\n\n\n\n<div class=\"wp-block-query is-layout-flow wp-block-query-is-layout-flow\"><ul class=\"wp-block-post-template is-layout-flow wp-block-post-template-is-layout-flow\"><li class=\"wp-block-post post-15613 post type-post status-publish format-standard has-post-thumbnail hentry category-formations-adultes tag-axel-scheffler tag-daniel-snaddon tag-filip-diviak tag-julia-donaldson tag-kuap tag-la-baleine-et-lescargote tag-le-gnome-et-le-nuage tag-les-films-du-preau tag-les-films-du-whippet tag-max-lang tag-nils-hedinger tag-zuzana-cupova\">\n<h4 class=\"wp-block-post-title\"><a href=\"https:\/\/lafilledecorinthe.com\/wordpress\/2026\/04\/la-baleine-et-lescargote\/\" target=\"_self\" >\u00ab\u00a0La baleine et l&rsquo;escargote\u00a0\u00bb<\/a><\/h4>\n\n<div class=\"wp-block-post-date has-small-font-size\"><time datetime=\"2026-04-28T07:51:00+01:00\">28 avril 2026<\/time><\/div>\n\n<figure class=\"alignwide wp-block-post-featured-image\"><a href=\"https:\/\/lafilledecorinthe.com\/wordpress\/2026\/04\/la-baleine-et-lescargote\/\" target=\"_self\"  ><img loading=\"lazy\" decoding=\"async\" width=\"2038\" height=\"1146\" src=\"https:\/\/lafilledecorinthe.com\/wordpress\/wp-content\/uploads\/2026\/02\/Regard.png\" class=\"attachment-post-thumbnail size-post-thumbnail wp-post-image\" alt=\"\u00ab\u00a0La baleine et l&rsquo;escargote\u00a0\u00bb\" style=\"object-fit:cover;\" srcset=\"https:\/\/lafilledecorinthe.com\/wordpress\/wp-content\/uploads\/2026\/02\/Regard.png 2038w, https:\/\/lafilledecorinthe.com\/wordpress\/wp-content\/uploads\/2026\/02\/Regard-680x382.png 680w, https:\/\/lafilledecorinthe.com\/wordpress\/wp-content\/uploads\/2026\/02\/Regard-1280x720.png 1280w, https:\/\/lafilledecorinthe.com\/wordpress\/wp-content\/uploads\/2026\/02\/Regard-768x432.png 768w, https:\/\/lafilledecorinthe.com\/wordpress\/wp-content\/uploads\/2026\/02\/Regard-1536x864.png 1536w\" sizes=\"auto, (max-width: 2038px) 100vw, 2038px\" \/><\/a><\/figure>\n\n<div class=\"wp-block-post-excerpt\"><p class=\"wp-block-post-excerpt__excerpt\">\u00a0\u00bb Nous abordons chaque projet avec respect et amour pour l&rsquo;\u0153uvre originale. Plut\u00f4t que de modifier le texte ou les illustrations, nous cherchons \u00e0 exploiter l&rsquo;espace entre les pages. Il nous a fallu un certain temps pour nous y habituer. Sur Le Gruffalo, cela s&rsquo;est parfois av\u00e9r\u00e9 tr\u00e8s contraignant. Mais le grand avantage des contraintes,&#8230; <\/p><\/div>\n\n\n<hr class=\"wp-block-separator has-css-opacity\"\/>\n\n<\/li><\/ul><\/div>\n\n\n\n<p><\/p>\n<\/div>\n<\/div>\n","protected":false},"excerpt":{"rendered":"<p>Ateliers Mon dernier ci-dessous et bien plus encore \u00e0 la page Ateliers. Formations Ma derni\u00e8re ci-dessous et bien plus encore \u00e0 la page Formations.<\/p>\n","protected":false},"author":2,"featured_media":0,"parent":0,"menu_order":0,"comment_status":"closed","ping_status":"closed","template":"","meta":{"_kad_post_transparent":"","_kad_post_title":"","_kad_post_layout":"","_kad_post_sidebar_id":"","_kad_post_content_style":"","_kad_post_vertical_padding":"","_kad_post_feature":"","_kad_post_feature_position":"","_kad_post_header":false,"_kad_post_footer":false,"_kad_post_classname":"","footnotes":""},"class_list":["post-19","page","type-page","status-publish","hentry"],"_links":{"self":[{"href":"https:\/\/lafilledecorinthe.com\/wordpress\/wp-json\/wp\/v2\/pages\/19","targetHints":{"allow":["GET"]}}],"collection":[{"href":"https:\/\/lafilledecorinthe.com\/wordpress\/wp-json\/wp\/v2\/pages"}],"about":[{"href":"https:\/\/lafilledecorinthe.com\/wordpress\/wp-json\/wp\/v2\/types\/page"}],"author":[{"embeddable":true,"href":"https:\/\/lafilledecorinthe.com\/wordpress\/wp-json\/wp\/v2\/users\/2"}],"replies":[{"embeddable":true,"href":"https:\/\/lafilledecorinthe.com\/wordpress\/wp-json\/wp\/v2\/comments?post=19"}],"version-history":[{"count":33,"href":"https:\/\/lafilledecorinthe.com\/wordpress\/wp-json\/wp\/v2\/pages\/19\/revisions"}],"predecessor-version":[{"id":14930,"href":"https:\/\/lafilledecorinthe.com\/wordpress\/wp-json\/wp\/v2\/pages\/19\/revisions\/14930"}],"wp:attachment":[{"href":"https:\/\/lafilledecorinthe.com\/wordpress\/wp-json\/wp\/v2\/media?parent=19"}],"curies":[{"name":"wp","href":"https:\/\/api.w.org\/{rel}","templated":true}]}}