{"id":1753,"date":"2013-01-09T20:58:35","date_gmt":"2013-01-09T19:58:35","guid":{"rendered":"http:\/\/lafilledecorinthe.com\/wordpress\/?page_id=1753"},"modified":"2025-12-07T21:15:12","modified_gmt":"2025-12-07T20:15:12","slug":"rencontres","status":"publish","type":"page","link":"https:\/\/lafilledecorinthe.com\/wordpress\/rencontres\/","title":{"rendered":"Rencontres"},"content":{"rendered":"\n<p>R\u00e9aliser le portrait d&rsquo;hommes et de femmes qui font vivre la culture \u00ab\u00a0ici et maintenant\u00a0\u00bb.<\/p>\n\n\n\n<div class=\"wp-block-group is-layout-grid wp-container-core-group-is-layout-45c258a4 wp-block-group-is-layout-grid\"><div class=\"wp-block-image\">\n<figure class=\"aligncenter size-medium\"><a href=\"https:\/\/lafilledecorinthe.com\/wordpress\/wp-content\/uploads\/2013\/01\/Yves-B1.jpg\"><img loading=\"lazy\" decoding=\"async\" width=\"550\" height=\"680\" src=\"https:\/\/lafilledecorinthe.com\/wordpress\/wp-content\/uploads\/2013\/01\/Yves-B1-550x680.jpg\" alt=\"Auto-portrait d'Yves Bouveret, 8\/02\/2013\" class=\"wp-image-2020\" style=\"aspect-ratio:1;object-fit:cover\" srcset=\"https:\/\/lafilledecorinthe.com\/wordpress\/wp-content\/uploads\/2013\/01\/Yves-B1-550x680.jpg 550w, https:\/\/lafilledecorinthe.com\/wordpress\/wp-content\/uploads\/2013\/01\/Yves-B1-243x300.jpg 243w, https:\/\/lafilledecorinthe.com\/wordpress\/wp-content\/uploads\/2013\/01\/Yves-B1.jpg 648w\" sizes=\"auto, (max-width: 550px) 100vw, 550px\" \/><\/a><figcaption class=\"wp-element-caption\"><a title=\"Yves Bouveret, d\u00e9l\u00e9gu\u00e9 g\u00e9n\u00e9ral d\u2019Ecrans VO\" href=\"https:\/\/lafilledecorinthe.com\/wordpress\/2013\/02\/yves-bouveret-delegue-general-decrans-vo\/\">Yves Bouveret<\/a><\/figcaption><\/figure>\n<\/div>\n\n<div class=\"wp-block-image\">\n<figure class=\"aligncenter size-medium\"><a href=\"https:\/\/lafilledecorinthe.com\/wordpress\/wp-content\/uploads\/2013\/01\/Hakima.jpg\"><img loading=\"lazy\" decoding=\"async\" width=\"528\" height=\"680\" src=\"https:\/\/lafilledecorinthe.com\/wordpress\/wp-content\/uploads\/2013\/01\/Hakima-528x680.jpg\" alt=\"Hakima Benabderrahmane\" class=\"wp-image-2279\" style=\"aspect-ratio:1;object-fit:cover\" srcset=\"https:\/\/lafilledecorinthe.com\/wordpress\/wp-content\/uploads\/2013\/01\/Hakima-528x680.jpg 528w, https:\/\/lafilledecorinthe.com\/wordpress\/wp-content\/uploads\/2013\/01\/Hakima-233x300.jpg 233w, https:\/\/lafilledecorinthe.com\/wordpress\/wp-content\/uploads\/2013\/01\/Hakima.jpg 622w\" sizes=\"auto, (max-width: 528px) 100vw, 528px\" \/><\/a><figcaption class=\"wp-element-caption\"><a title=\"Hakima Benabderrahmane, responsable du service des publics au mus\u00e9e de la Poste\" href=\"https:\/\/lafilledecorinthe.com\/wordpress\/2013\/04\/hakima-benabderrahmane-responsable-du-service-des-publics-au-musee-de-la-poste\/\">Hakima Benabderrahmane<\/a><\/figcaption><\/figure>\n<\/div>\n\n<div class=\"wp-block-image\">\n<figure class=\"aligncenter size-medium\"><a href=\"https:\/\/lafilledecorinthe.com\/wordpress\/wp-content\/uploads\/2013\/01\/P1080267.jpg\"><img loading=\"lazy\" decoding=\"async\" width=\"680\" height=\"510\" src=\"https:\/\/lafilledecorinthe.com\/wordpress\/wp-content\/uploads\/2013\/01\/P1080267-680x510.jpg\" alt=\"Autoportrait de Jean Lassave, 18\/04\/13\" class=\"wp-image-2348\" style=\"aspect-ratio:1;object-fit:cover\" srcset=\"https:\/\/lafilledecorinthe.com\/wordpress\/wp-content\/uploads\/2013\/01\/P1080267-680x510.jpg 680w, https:\/\/lafilledecorinthe.com\/wordpress\/wp-content\/uploads\/2013\/01\/P1080267-400x300.jpg 400w, https:\/\/lafilledecorinthe.com\/wordpress\/wp-content\/uploads\/2013\/01\/P1080267.jpg 800w\" sizes=\"auto, (max-width: 680px) 100vw, 680px\" \/><\/a><figcaption class=\"wp-element-caption\"><a title=\"Jean Lassave, cin\u00e9aste\" href=\"https:\/\/lafilledecorinthe.com\/wordpress\/2013\/04\/jean-lassave-cineaste\/\">Jean Lassave<\/a><\/figcaption><\/figure>\n<\/div>\n\n<div class=\"wp-block-image\">\n<figure class=\"aligncenter size-medium\"><a href=\"https:\/\/lafilledecorinthe.com\/wordpress\/wp-content\/uploads\/2013\/01\/Autoportrait-Marcos.jpg\"><img loading=\"lazy\" decoding=\"async\" width=\"680\" height=\"510\" src=\"https:\/\/lafilledecorinthe.com\/wordpress\/wp-content\/uploads\/2013\/01\/Autoportrait-Marcos-680x510.jpg\" alt=\"Auto-portrait de Marcos Uzal3\/06\/13\" class=\"wp-image-2550\" style=\"aspect-ratio:1;object-fit:cover\" srcset=\"https:\/\/lafilledecorinthe.com\/wordpress\/wp-content\/uploads\/2013\/01\/Autoportrait-Marcos-680x510.jpg 680w, https:\/\/lafilledecorinthe.com\/wordpress\/wp-content\/uploads\/2013\/01\/Autoportrait-Marcos-400x300.jpg 400w, https:\/\/lafilledecorinthe.com\/wordpress\/wp-content\/uploads\/2013\/01\/Autoportrait-Marcos.jpg 800w\" sizes=\"auto, (max-width: 680px) 100vw, 680px\" \/><\/a><figcaption class=\"wp-element-caption\"><a title=\"Marcos Uzal, critique de cin\u00e9ma\" href=\"https:\/\/lafilledecorinthe.com\/wordpress\/2013\/06\/marcos-uzal-critique-de-cinema\/\">Marcos Uzal<\/a><\/figcaption><\/figure>\n<\/div>\n\n<div class=\"wp-block-image\">\n<figure class=\"aligncenter size-medium\"><a href=\"https:\/\/lafilledecorinthe.com\/wordpress\/wp-content\/uploads\/2013\/01\/P1090574-11.jpg\"><img loading=\"lazy\" decoding=\"async\" width=\"639\" height=\"680\" src=\"https:\/\/lafilledecorinthe.com\/wordpress\/wp-content\/uploads\/2013\/01\/P1090574-11-639x680.jpg\" alt=\"Auto-portrait de Pierre-Fran\u00e7ois Maquaire, 4\/07\/14\" class=\"wp-image-2827\" style=\"aspect-ratio:1;object-fit:cover\" srcset=\"https:\/\/lafilledecorinthe.com\/wordpress\/wp-content\/uploads\/2013\/01\/P1090574-11-639x680.jpg 639w, https:\/\/lafilledecorinthe.com\/wordpress\/wp-content\/uploads\/2013\/01\/P1090574-11-282x300.jpg 282w, https:\/\/lafilledecorinthe.com\/wordpress\/wp-content\/uploads\/2013\/01\/P1090574-11.jpg 711w\" sizes=\"auto, (max-width: 639px) 100vw, 639px\" \/><\/a><figcaption class=\"wp-element-caption\"><a title=\"Pierre-Fran\u00e7ois Maquaire, cr\u00e9ateur du site Heeza\" href=\"https:\/\/lafilledecorinthe.com\/wordpress\/2013\/08\/pierre-francois-maquaire-createur-du-site-heeza\/\">Pierre-Fran\u00e7ois Maquaire<\/a><\/figcaption><\/figure>\n<\/div>\n\n<div class=\"wp-block-image\">\n<figure class=\"aligncenter size-medium\"><a href=\"https:\/\/lafilledecorinthe.com\/wordpress\/wp-content\/uploads\/2013\/01\/P11001341.jpg\"><img loading=\"lazy\" decoding=\"async\" width=\"510\" height=\"680\" src=\"https:\/\/lafilledecorinthe.com\/wordpress\/wp-content\/uploads\/2013\/01\/P11001341-510x680.jpg\" alt=\"Autoportrait de Barbara Degos, 23\/10\/13\" class=\"wp-image-3179\" style=\"aspect-ratio:1;object-fit:cover\" srcset=\"https:\/\/lafilledecorinthe.com\/wordpress\/wp-content\/uploads\/2013\/01\/P11001341-510x680.jpg 510w, https:\/\/lafilledecorinthe.com\/wordpress\/wp-content\/uploads\/2013\/01\/P11001341-225x300.jpg 225w, https:\/\/lafilledecorinthe.com\/wordpress\/wp-content\/uploads\/2013\/01\/P11001341.jpg 600w\" sizes=\"auto, (max-width: 510px) 100vw, 510px\" \/><\/a><figcaption class=\"wp-element-caption\"><a title=\"Barbara Degos, sculpteur\" href=\"https:\/\/lafilledecorinthe.com\/wordpress\/2013\/10\/barbara-degos-sculpteur\/\">Barbara Degos<\/a><\/figcaption><\/figure>\n<\/div>\n\n<div class=\"wp-block-image\">\n<figure class=\"aligncenter size-medium\"><a href=\"https:\/\/lafilledecorinthe.com\/wordpress\/wp-content\/uploads\/2013\/01\/Samuel2.jpg\"><img loading=\"lazy\" decoding=\"async\" width=\"475\" height=\"680\" src=\"https:\/\/lafilledecorinthe.com\/wordpress\/wp-content\/uploads\/2013\/01\/Samuel2-475x680.jpg\" alt=\"Auto-portrait de Samuel Yal\" class=\"wp-image-3563\" style=\"aspect-ratio:1;object-fit:cover\" srcset=\"https:\/\/lafilledecorinthe.com\/wordpress\/wp-content\/uploads\/2013\/01\/Samuel2-475x680.jpg 475w, https:\/\/lafilledecorinthe.com\/wordpress\/wp-content\/uploads\/2013\/01\/Samuel2-209x300.jpg 209w, https:\/\/lafilledecorinthe.com\/wordpress\/wp-content\/uploads\/2013\/01\/Samuel2.jpg 531w\" sizes=\"auto, (max-width: 475px) 100vw, 475px\" \/><\/a><figcaption class=\"wp-element-caption\"><a title=\"Samuel Yal, sculpteur et r\u00e9alisateur\" href=\"https:\/\/lafilledecorinthe.com\/wordpress\/2013\/12\/samuel-yal-sculpteur-et-realisateur\/\">Samuel Yal<\/a><\/figcaption><\/figure>\n<\/div>\n\n<div class=\"wp-block-image\">\n<figure class=\"aligncenter size-medium wp-container-content-da6b9471\"><a href=\"https:\/\/lafilledecorinthe.com\/wordpress\/wp-content\/uploads\/2013\/01\/auto-portrait-21.jpg\"><img loading=\"lazy\" decoding=\"async\" width=\"510\" height=\"680\" src=\"https:\/\/lafilledecorinthe.com\/wordpress\/wp-content\/uploads\/2013\/01\/auto-portrait-21-510x680.jpg\" alt=\"Autoportrait de Paul Maz, 16\/02\/14\" class=\"wp-image-4063\" style=\"aspect-ratio:1;object-fit:cover\" srcset=\"https:\/\/lafilledecorinthe.com\/wordpress\/wp-content\/uploads\/2013\/01\/auto-portrait-21-510x680.jpg 510w, https:\/\/lafilledecorinthe.com\/wordpress\/wp-content\/uploads\/2013\/01\/auto-portrait-21-225x300.jpg 225w, https:\/\/lafilledecorinthe.com\/wordpress\/wp-content\/uploads\/2013\/01\/auto-portrait-21.jpg 960w\" sizes=\"auto, (max-width: 510px) 100vw, 510px\" \/><\/a><figcaption class=\"wp-element-caption\"><a title=\"Paul Maz, Mazicien\/ Raconteur\" href=\"https:\/\/lafilledecorinthe.com\/wordpress\/2014\/02\/paul-maz-mazicien-raconteur\/\">Paul Maz<\/a><\/figcaption><\/figure>\n<\/div>\n\n<div class=\"wp-block-image\">\n<figure class=\"aligncenter size-full\"><a href=\"https:\/\/lafilledecorinthe.com\/wordpress\/wp-content\/uploads\/2013\/01\/Valloire-2.jpg\"><img loading=\"lazy\" decoding=\"async\" width=\"239\" height=\"248\" src=\"https:\/\/lafilledecorinthe.com\/wordpress\/wp-content\/uploads\/2013\/01\/Valloire-2.jpg\" alt=\"Catherine Fons\" class=\"wp-image-5596\" style=\"aspect-ratio:1;object-fit:cover\"\/><\/a><figcaption class=\"wp-element-caption\"><a title=\"Catherine Fons, libraire\" href=\"https:\/\/lafilledecorinthe.com\/wordpress\/2014\/11\/catherine-fons-libraire\/\">Catherine Fons<\/a><\/figcaption><\/figure>\n<\/div>\n\n<div class=\"wp-block-image\">\n<figure class=\"aligncenter size-full\"><a href=\"https:\/\/lafilledecorinthe.com\/wordpress\/wp-content\/uploads\/2013\/01\/San-Matteo.jpg\"><img loading=\"lazy\" decoding=\"async\" width=\"560\" height=\"670\" src=\"https:\/\/lafilledecorinthe.com\/wordpress\/wp-content\/uploads\/2013\/01\/San-Matteo.jpg\" alt=\"San Matteo\" class=\"wp-image-6561\" style=\"aspect-ratio:1;object-fit:cover\" srcset=\"https:\/\/lafilledecorinthe.com\/wordpress\/wp-content\/uploads\/2013\/01\/San-Matteo.jpg 560w, https:\/\/lafilledecorinthe.com\/wordpress\/wp-content\/uploads\/2013\/01\/San-Matteo-251x300.jpg 251w\" sizes=\"auto, (max-width: 560px) 100vw, 560px\" \/><\/a><figcaption class=\"wp-element-caption\"><a title=\"Claude Bataille, passeur d\u2019images et collectionneur\" href=\"https:\/\/lafilledecorinthe.com\/wordpress\/2015\/07\/claude-bataille-passeur-dimages-et-collectionneur\/\">Claude Bataille<\/a><\/figcaption><\/figure>\n<\/div>\n\n<div class=\"wp-block-image\">\n<figure class=\"aligncenter size-medium\"><a href=\"https:\/\/lafilledecorinthe.com\/wordpress\/wp-content\/uploads\/2013\/01\/photo_I_duval.jpg\"><img loading=\"lazy\" decoding=\"async\" width=\"633\" height=\"680\" src=\"https:\/\/lafilledecorinthe.com\/wordpress\/wp-content\/uploads\/2013\/01\/photo_I_duval-633x680.jpg\" alt=\"photo_I_duval\" class=\"wp-image-6940\" style=\"aspect-ratio:1;object-fit:cover\" srcset=\"https:\/\/lafilledecorinthe.com\/wordpress\/wp-content\/uploads\/2013\/01\/photo_I_duval-633x680.jpg 633w, https:\/\/lafilledecorinthe.com\/wordpress\/wp-content\/uploads\/2013\/01\/photo_I_duval-279x300.jpg 279w, https:\/\/lafilledecorinthe.com\/wordpress\/wp-content\/uploads\/2013\/01\/photo_I_duval.jpg 1135w\" sizes=\"auto, (max-width: 633px) 100vw, 633px\" \/><\/a><figcaption class=\"wp-element-caption\"><a title=\"Isabelle Duval, auteure et r\u00e9alisatrice\" href=\"https:\/\/lafilledecorinthe.com\/wordpress\/2015\/11\/isabelle-duval-auteure-et-realisatrice\/\">Isabelle Duval<\/a><\/figcaption><\/figure>\n<\/div>\n\n<div class=\"wp-block-image\">\n<figure class=\"aligncenter size-medium\"><a href=\"https:\/\/lafilledecorinthe.com\/wordpress\/wp-content\/uploads\/2013\/01\/Constanza.jpg\"><img loading=\"lazy\" decoding=\"async\" width=\"578\" height=\"680\" src=\"https:\/\/lafilledecorinthe.com\/wordpress\/wp-content\/uploads\/2013\/01\/Constanza-578x680.jpg\" alt=\"Constanza\" class=\"wp-image-7124\" style=\"aspect-ratio:1;object-fit:cover\" srcset=\"https:\/\/lafilledecorinthe.com\/wordpress\/wp-content\/uploads\/2013\/01\/Constanza-578x680.jpg 578w, https:\/\/lafilledecorinthe.com\/wordpress\/wp-content\/uploads\/2013\/01\/Constanza-1088x1280.jpg 1088w, https:\/\/lafilledecorinthe.com\/wordpress\/wp-content\/uploads\/2013\/01\/Constanza-255x300.jpg 255w\" sizes=\"auto, (max-width: 578px) 100vw, 578px\" \/><\/a><figcaption class=\"wp-element-caption\"><a title=\"Constanza Aguirre, artiste peintre\" href=\"https:\/\/lafilledecorinthe.com\/wordpress\/2016\/01\/constanza-aguirre-artiste-peintre\/\" target=\"_blank\" rel=\"noopener\">Constanza Aguirre<\/a><\/figcaption><\/figure>\n<\/div>\n\n<div class=\"wp-block-image\">\n<figure class=\"aligncenter size-medium\"><a href=\"https:\/\/lafilledecorinthe.com\/wordpress\/wp-content\/uploads\/2013\/01\/IMG_2485.jpg\"><img loading=\"lazy\" decoding=\"async\" width=\"540\" height=\"680\" src=\"https:\/\/lafilledecorinthe.com\/wordpress\/wp-content\/uploads\/2013\/01\/IMG_2485-540x680.jpg\" alt=\"Auto-portrait de Yulia Aronova, 7\/02\/2017\" class=\"wp-image-8008\" style=\"aspect-ratio:1;object-fit:cover\" srcset=\"https:\/\/lafilledecorinthe.com\/wordpress\/wp-content\/uploads\/2013\/01\/IMG_2485-540x680.jpg 540w, https:\/\/lafilledecorinthe.com\/wordpress\/wp-content\/uploads\/2013\/01\/IMG_2485-238x300.jpg 238w, https:\/\/lafilledecorinthe.com\/wordpress\/wp-content\/uploads\/2013\/01\/IMG_2485.jpg 603w\" sizes=\"auto, (max-width: 540px) 100vw, 540px\" \/><\/a><figcaption class=\"wp-element-caption\"><a title=\"Yulia Aronova, artiste et r\u00e9alisatrice\" href=\"https:\/\/lafilledecorinthe.com\/wordpress\/2017\/02\/yulia-aronova-artiste-et-realisatrice\/\">Yulia Aronova<\/a><\/figcaption><\/figure>\n<\/div>\n\n<div class=\"wp-block-image\">\n<figure class=\"aligncenter size-medium\"><a href=\"https:\/\/lafilledecorinthe.com\/wordpress\/wp-content\/uploads\/2013\/01\/IMG_0133.jpg\"><img loading=\"lazy\" decoding=\"async\" width=\"510\" height=\"680\" src=\"https:\/\/lafilledecorinthe.com\/wordpress\/wp-content\/uploads\/2013\/01\/IMG_0133-510x680.jpg\" alt=\"IMG_0133\" class=\"wp-image-8231\" style=\"aspect-ratio:1;object-fit:cover\" srcset=\"https:\/\/lafilledecorinthe.com\/wordpress\/wp-content\/uploads\/2013\/01\/IMG_0133-510x680.jpg 510w, https:\/\/lafilledecorinthe.com\/wordpress\/wp-content\/uploads\/2013\/01\/IMG_0133.jpg 960w, https:\/\/lafilledecorinthe.com\/wordpress\/wp-content\/uploads\/2013\/01\/IMG_0133-225x300.jpg 225w\" sizes=\"auto, (max-width: 510px) 100vw, 510px\" \/><\/a><figcaption class=\"wp-element-caption\"><a title=\"Yan Volsy, musicien, compositeur et concepteur sonore\u2026\" href=\"https:\/\/lafilledecorinthe.com\/wordpress\/2017\/06\/yan-volsy-musicien-compositeur-et-concepteur-sonore\/\">Yan Volsy<\/a><\/figcaption><\/figure>\n<\/div>\n\n<div class=\"wp-block-image wp-image-9492 size-thumbnail\">\n<figure class=\"aligncenter size-full\"><img loading=\"lazy\" decoding=\"async\" width=\"454\" height=\"454\" src=\"https:\/\/lafilledecorinthe.com\/wordpress\/wp-content\/uploads\/2019\/01\/lenvol-1953-T.jpg\" alt=\"l'envol-1953 T\" class=\"wp-image-9492\" style=\"aspect-ratio:1;object-fit:cover\" srcset=\"https:\/\/lafilledecorinthe.com\/wordpress\/wp-content\/uploads\/2019\/01\/lenvol-1953-T.jpg 454w, https:\/\/lafilledecorinthe.com\/wordpress\/wp-content\/uploads\/2019\/01\/lenvol-1953-T-200x200.jpg 200w, https:\/\/lafilledecorinthe.com\/wordpress\/wp-content\/uploads\/2019\/01\/lenvol-1953-T-300x300.jpg 300w\" sizes=\"auto, (max-width: 454px) 100vw, 454px\" \/><figcaption class=\"wp-element-caption\"><a href=\"https:\/\/lafilledecorinthe.com\/wordpress\/2019\/01\/corinne-jamet-vierny-responsable-du-fonds-photographique-de-pierre-jamet\/\">Corinne Jamet-Vierny<\/a><\/figcaption><\/figure>\n<\/div>\n\n<div class=\"wp-block-image\">\n<figure class=\"aligncenter size-medium\"><a href=\"https:\/\/lafilledecorinthe.com\/wordpress\/wp-content\/uploads\/2013\/01\/portrait.jpg\"><img loading=\"lazy\" decoding=\"async\" width=\"544\" height=\"680\" src=\"https:\/\/lafilledecorinthe.com\/wordpress\/wp-content\/uploads\/2013\/01\/portrait-544x680.jpg\" alt=\"Processed with VSCO with g3 preset\" class=\"wp-image-9952\" style=\"aspect-ratio:1;object-fit:cover\" srcset=\"https:\/\/lafilledecorinthe.com\/wordpress\/wp-content\/uploads\/2013\/01\/portrait-544x680.jpg 544w, https:\/\/lafilledecorinthe.com\/wordpress\/wp-content\/uploads\/2013\/01\/portrait-1024x1280.jpg 1024w, https:\/\/lafilledecorinthe.com\/wordpress\/wp-content\/uploads\/2013\/01\/portrait-240x300.jpg 240w\" sizes=\"auto, (max-width: 544px) 100vw, 544px\" \/><\/a><figcaption class=\"wp-element-caption\"><a title=\"Olesya Shchukina, illustratrice et cin\u00e9aste d\u2019animation\" href=\"https:\/\/lafilledecorinthe.com\/wordpress\/2019\/09\/olesya-shchukina-illustratrice-et-cineaste-danimation\/\">Olesya Shchukina<\/a><\/figcaption><\/figure>\n<\/div>\n\n<div class=\"wp-block-image\">\n<figure class=\"aligncenter size-medium\"><a href=\"https:\/\/lafilledecorinthe.com\/wordpress\/wp-content\/uploads\/2013\/01\/portrait1.jpg\"><img loading=\"lazy\" decoding=\"async\" width=\"510\" height=\"680\" src=\"https:\/\/lafilledecorinthe.com\/wordpress\/wp-content\/uploads\/2013\/01\/portrait1-510x680.jpg\" alt=\"portrait\" class=\"wp-image-11246\" style=\"aspect-ratio:1;object-fit:cover\" srcset=\"https:\/\/lafilledecorinthe.com\/wordpress\/wp-content\/uploads\/2013\/01\/portrait1-510x680.jpg 510w, https:\/\/lafilledecorinthe.com\/wordpress\/wp-content\/uploads\/2013\/01\/portrait1-960x1280.jpg 960w, https:\/\/lafilledecorinthe.com\/wordpress\/wp-content\/uploads\/2013\/01\/portrait1-225x300.jpg 225w\" sizes=\"auto, (max-width: 510px) 100vw, 510px\" \/><\/a><figcaption class=\"wp-element-caption\"><a title=\"Patricia Misiri, artiste plasticienne\" href=\"https:\/\/lafilledecorinthe.com\/wordpress\/2021\/04\/patricia-misiri-artiste-plasticienne\/\">Patricia Misiri<\/a><\/figcaption><\/figure>\n<\/div>\n\n<div class=\"wp-block-image\">\n<figure class=\"aligncenter size-medium\"><a href=\"https:\/\/lafilledecorinthe.com\/wordpress\/wp-content\/uploads\/2013\/01\/Valentin.png\"><img loading=\"lazy\" decoding=\"async\" width=\"609\" height=\"680\" src=\"https:\/\/lafilledecorinthe.com\/wordpress\/wp-content\/uploads\/2013\/01\/Valentin-609x680.png\" alt=\"Valentin\" class=\"wp-image-13295\" style=\"aspect-ratio:1;object-fit:cover\" srcset=\"https:\/\/lafilledecorinthe.com\/wordpress\/wp-content\/uploads\/2013\/01\/Valentin-609x680.png 609w, https:\/\/lafilledecorinthe.com\/wordpress\/wp-content\/uploads\/2013\/01\/Valentin-269x300.png 269w, https:\/\/lafilledecorinthe.com\/wordpress\/wp-content\/uploads\/2013\/01\/Valentin.png 1074w\" sizes=\"auto, (max-width: 609px) 100vw, 609px\" \/><\/a><figcaption class=\"wp-element-caption\"><a title=\"Valentin Rebondy, g\u00e9rant de la soci\u00e9t\u00e9 de distribution \u00ab\u00a0Cin\u00e9ma Public Films\u00a0\u00bb\" href=\"https:\/\/lafilledecorinthe.com\/wordpress\/2024\/07\/valentin-rebondy-gerant-de-la-societe-de-distribution-cinema-public-films\/\">Valentin Rebondy<\/a><\/figcaption><\/figure>\n<\/div>\n\n<div class=\"wp-block-image\">\n<figure class=\"aligncenter size-medium\"><a href=\"https:\/\/lafilledecorinthe.com\/wordpress\/wp-content\/uploads\/2013\/01\/solweig-red.jpg\"><img loading=\"lazy\" decoding=\"async\" width=\"680\" height=\"454\" src=\"https:\/\/lafilledecorinthe.com\/wordpress\/wp-content\/uploads\/2013\/01\/solweig-red-680x454.jpg\" alt=\"Solweig Von Kleist\" class=\"wp-image-1891\" style=\"aspect-ratio:1;object-fit:cover\" srcset=\"https:\/\/lafilledecorinthe.com\/wordpress\/wp-content\/uploads\/2013\/01\/solweig-red-680x454.jpg 680w, https:\/\/lafilledecorinthe.com\/wordpress\/wp-content\/uploads\/2013\/01\/solweig-red-448x300.jpg 448w, https:\/\/lafilledecorinthe.com\/wordpress\/wp-content\/uploads\/2013\/01\/solweig-red.jpg 800w\" sizes=\"auto, (max-width: 680px) 100vw, 680px\" \/><\/a><figcaption class=\"wp-element-caption\"><a title=\"Solweig von Kleist, artiste pluridisciplinaire\" href=\"https:\/\/lafilledecorinthe.com\/wordpress\/2013\/01\/solweig-von-kleist-artiste-pluridisciplinaire\/\">Solweig Von Kleist<\/a><\/figcaption><\/figure>\n<\/div><\/div>\n\n\n\n<p>&nbsp;<\/p>\n","protected":false},"excerpt":{"rendered":"<p>R\u00e9aliser le portrait d&rsquo;hommes et de femmes qui font vivre la culture \u00ab\u00a0ici et maintenant\u00a0\u00bb. &nbsp;<\/p>\n","protected":false},"author":2,"featured_media":0,"parent":0,"menu_order":0,"comment_status":"open","ping_status":"closed","template":"","meta":{"_kad_post_transparent":"","_kad_post_title":"","_kad_post_layout":"","_kad_post_sidebar_id":"","_kad_post_content_style":"","_kad_post_vertical_padding":"","_kad_post_feature":"","_kad_post_feature_position":"","_kad_post_header":false,"_kad_post_footer":false,"_kad_post_classname":"","footnotes":""},"class_list":["post-1753","page","type-page","status-publish","hentry"],"_links":{"self":[{"href":"https:\/\/lafilledecorinthe.com\/wordpress\/wp-json\/wp\/v2\/pages\/1753","targetHints":{"allow":["GET"]}}],"collection":[{"href":"https:\/\/lafilledecorinthe.com\/wordpress\/wp-json\/wp\/v2\/pages"}],"about":[{"href":"https:\/\/lafilledecorinthe.com\/wordpress\/wp-json\/wp\/v2\/types\/page"}],"author":[{"embeddable":true,"href":"https:\/\/lafilledecorinthe.com\/wordpress\/wp-json\/wp\/v2\/users\/2"}],"replies":[{"embeddable":true,"href":"https:\/\/lafilledecorinthe.com\/wordpress\/wp-json\/wp\/v2\/comments?post=1753"}],"version-history":[{"count":53,"href":"https:\/\/lafilledecorinthe.com\/wordpress\/wp-json\/wp\/v2\/pages\/1753\/revisions"}],"predecessor-version":[{"id":15006,"href":"https:\/\/lafilledecorinthe.com\/wordpress\/wp-json\/wp\/v2\/pages\/1753\/revisions\/15006"}],"wp:attachment":[{"href":"https:\/\/lafilledecorinthe.com\/wordpress\/wp-json\/wp\/v2\/media?parent=1753"}],"curies":[{"name":"wp","href":"https:\/\/api.w.org\/{rel}","templated":true}]}}